{"id":9851,"date":"2024-01-30T11:23:15","date_gmt":"2024-01-30T11:23:15","guid":{"rendered":"https:\/\/liceofrancesmoliere.es\/?page_id=9851"},"modified":"2024-03-20T19:29:49","modified_gmt":"2024-03-20T19:29:49","slug":"lettres-du-proviseur","status":"publish","type":"page","link":"https:\/\/liceofrancesmoliere.es\/fr\/lettres-du-proviseur\/","title":{"rendered":"Lettres du proviseur"},"content":{"rendered":"\t\t<div data-elementor-type=\"wp-page\" data-elementor-id=\"9851\" class=\"elementor elementor-9851 elementor-8041\" data-elementor-post-type=\"page\">\n\t\t\t\t\t\t<section class=\"elementor-section elementor-top-section elementor-element elementor-element-fba9737 elementor-section-full_width elementor-section-content-middle elementor-section-height-min-height elementor-section-height-default elementor-section-items-middle\" data-id=\"fba9737\" data-element_type=\"section\" data-e-type=\"section\" data-settings=\"{&quot;background_background&quot;:&quot;classic&quot;}\">\n\t\t\t\t\t\t\t<div class=\"elementor-background-overlay\"><\/div>\n\t\t\t\t\t\t\t<div class=\"elementor-container elementor-column-gap-no\">\n\t\t\t\t\t<div class=\"elementor-column elementor-col-100 elementor-top-column elementor-element elementor-element-4624668\" data-id=\"4624668\" data-element_type=\"column\" data-e-type=\"column\">\n\t\t\t<div class=\"elementor-widget-wrap elementor-element-populated\">\n\t\t\t\t\t\t<section class=\"elementor-section elementor-inner-section elementor-element elementor-element-3b3df90 elementor-section-content-middle elementor-section-boxed elementor-section-height-default elementor-section-height-default\" data-id=\"3b3df90\" data-element_type=\"section\" data-e-type=\"section\">\n\t\t\t\t\t\t<div class=\"elementor-container elementor-column-gap-no\">\n\t\t\t\t\t<div class=\"elementor-column elementor-col-100 elementor-inner-column elementor-element elementor-element-7f00560\" data-id=\"7f00560\" data-element_type=\"column\" data-e-type=\"column\">\n\t\t\t<div class=\"elementor-widget-wrap elementor-element-populated\">\n\t\t\t\t\t\t<div class=\"elementor-element elementor-element-81f3338 elementor-widget__width-initial elementor-widget elementor-widget-heading\" data-id=\"81f3338\" data-element_type=\"widget\" data-e-type=\"widget\" data-widget_type=\"heading.default\">\n\t\t\t\t<div class=\"elementor-widget-container\">\n\t\t\t\t\t<h1 class=\"elementor-heading-title elementor-size-default\">Lettres du proviseur<\/h1>\t\t\t\t<\/div>\n\t\t\t\t<\/div>\n\t\t\t\t\t<\/div>\n\t\t<\/div>\n\t\t\t\t\t<\/div>\n\t\t<\/section>\n\t\t\t\t\t<\/div>\n\t\t<\/div>\n\t\t\t\t\t<\/div>\n\t\t<\/section>\n\t\t\t\t<section class=\"elementor-section elementor-top-section elementor-element elementor-element-dc30340 elementor-section-boxed elementor-section-height-default elementor-section-height-default\" data-id=\"dc30340\" data-element_type=\"section\" data-e-type=\"section\" data-settings=\"{&quot;background_background&quot;:&quot;classic&quot;}\">\n\t\t\t\t\t\t<div class=\"elementor-container elementor-column-gap-default\">\n\t\t\t\t\t<div class=\"elementor-column elementor-col-100 elementor-top-column elementor-element elementor-element-23a192c\" data-id=\"23a192c\" data-element_type=\"column\" data-e-type=\"column\">\n\t\t\t<div class=\"elementor-widget-wrap elementor-element-populated\">\n\t\t\t\t\t\t\t<\/div>\n\t\t<\/div>\n\t\t\t\t\t<\/div>\n\t\t<\/section>\n\t\t\t\t<\/div>\n\t\t","protected":false},"excerpt":{"rendered":"<p>Lettres du proviseur Carta del director: Octubre 2023 JEAN-CHRISTOPHE ORAIN &#8211; Director LFIM Esta semana terminar\u00e1 el primer periodo lectivo, antes de las vacaciones de oto\u00f1o. Un primer periodo jalonado por numerosos acontecimientos, iniciativas y novedades, que dan Carta del director: Septiembre 2023 JEAN-CHRISTOPHE ORAIN &#8211; Director LFIM Estimado\/a se\u00f1or\/se\u00f1ora, estimados padres: Ahora que este [&hellip;]<\/p>\n","protected":false},"author":5,"featured_media":0,"parent":0,"menu_order":0,"comment_status":"closed","ping_status":"closed","template":"elementor_header_footer","meta":{"footnotes":""},"class_list":["post-9851","page","type-page","status-publish","hentry"],"yoast_head":"<!-- This site is optimized with the Yoast SEO Premium plugin v21.8 (Yoast SEO v27.5) - https:\/\/yoast.com\/product\/yoast-seo-premium-wordpress\/ -->\n<title>Lettres du proviseur | Lyc\u00e9e Fran\u00e7ais International Moli\u00e8re<\/title>\n<meta name=\"robots\" content=\"index, follow, max-snippet:-1, max-image-preview:large, max-video-preview:-1\" \/>\n<link rel=\"canonical\" href=\"https:\/\/liceofrancesmoliere.es\/fr\/lettres-du-proviseur\/\" \/>\n<meta property=\"og:locale\" content=\"fr_FR\" \/>\n<meta property=\"og:type\" content=\"article\" \/>\n<meta property=\"og:title\" content=\"Lettres du proviseur\" \/>\n<meta property=\"og:description\" content=\"Lettres du proviseur Carta del director: Octubre 2023 JEAN-CHRISTOPHE ORAIN &#8211; Director LFIM Esta semana terminar\u00e1 el primer periodo lectivo, antes de las vacaciones de oto\u00f1o. Un primer periodo jalonado por numerosos acontecimientos, iniciativas y novedades, que dan Carta del director: Septiembre 2023 JEAN-CHRISTOPHE ORAIN &#8211; Director LFIM Estimado\/a se\u00f1or\/se\u00f1ora, estimados padres: Ahora que este [&hellip;]\" \/>\n<meta property=\"og:url\" content=\"https:\/\/liceofrancesmoliere.es\/fr\/lettres-du-proviseur\/\" \/>\n<meta property=\"og:site_name\" content=\"Lyc\u00e9e Fran\u00e7ais International Moli\u00e8re\" \/>\n<meta property=\"article:publisher\" content=\"https:\/\/www.facebook.com\/lyceefrancaismoliere\" \/>\n<meta property=\"article:modified_time\" content=\"2024-03-20T19:29:49+00:00\" \/>\n<meta property=\"og:image\" content=\"https:\/\/liceofrancesmoliere.es\/wp-content\/uploads\/CD-octubre-2023-768x512.jpg\" \/>\n<meta name=\"twitter:card\" content=\"summary_large_image\" \/>\n<meta name=\"twitter:site\" content=\"@lfimoliere\" \/>\n<meta name=\"twitter:label1\" content=\"Dur\u00e9e de lecture estim\u00e9e\" \/>\n\t<meta name=\"twitter:data1\" content=\"1 minute\" \/>\n<script type=\"application\/ld+json\" class=\"yoast-schema-graph\">{\"@context\":\"https:\\\/\\\/schema.org\",\"@graph\":[{\"@type\":\"WebPage\",\"@id\":\"https:\\\/\\\/liceofrancesmoliere.es\\\/fr\\\/lettres-du-proviseur\\\/\",\"url\":\"https:\\\/\\\/liceofrancesmoliere.es\\\/fr\\\/lettres-du-proviseur\\\/\",\"name\":\"Lettres du proviseur | Lyc\u00e9e Fran\u00e7ais International Moli\u00e8re\",\"isPartOf\":{\"@id\":\"https:\\\/\\\/liceofrancesmoliere.es\\\/fr\\\/#website\"},\"primaryImageOfPage\":{\"@id\":\"https:\\\/\\\/liceofrancesmoliere.es\\\/fr\\\/lettres-du-proviseur\\\/#primaryimage\"},\"image\":{\"@id\":\"https:\\\/\\\/liceofrancesmoliere.es\\\/fr\\\/lettres-du-proviseur\\\/#primaryimage\"},\"thumbnailUrl\":\"https:\\\/\\\/liceofrancesmoliere.es\\\/wp-content\\\/uploads\\\/CD-octubre-2023-768x512.jpg\",\"datePublished\":\"2024-01-30T11:23:15+00:00\",\"dateModified\":\"2024-03-20T19:29:49+00:00\",\"breadcrumb\":{\"@id\":\"https:\\\/\\\/liceofrancesmoliere.es\\\/fr\\\/lettres-du-proviseur\\\/#breadcrumb\"},\"inLanguage\":\"fr-FR\",\"potentialAction\":[{\"@type\":\"ReadAction\",\"target\":[\"https:\\\/\\\/liceofrancesmoliere.es\\\/fr\\\/lettres-du-proviseur\\\/\"]}]},{\"@type\":\"ImageObject\",\"inLanguage\":\"fr-FR\",\"@id\":\"https:\\\/\\\/liceofrancesmoliere.es\\\/fr\\\/lettres-du-proviseur\\\/#primaryimage\",\"url\":\"https:\\\/\\\/liceofrancesmoliere.es\\\/wp-content\\\/uploads\\\/CD-octubre-2023-768x512.jpg\",\"contentUrl\":\"https:\\\/\\\/liceofrancesmoliere.es\\\/wp-content\\\/uploads\\\/CD-octubre-2023-768x512.jpg\"},{\"@type\":\"BreadcrumbList\",\"@id\":\"https:\\\/\\\/liceofrancesmoliere.es\\\/fr\\\/lettres-du-proviseur\\\/#breadcrumb\",\"itemListElement\":[{\"@type\":\"ListItem\",\"position\":1,\"name\":\"Portada\",\"item\":\"https:\\\/\\\/liceofrancesmoliere.es\\\/fr\\\/\"},{\"@type\":\"ListItem\",\"position\":2,\"name\":\"Lettres du proviseur\"}]},{\"@type\":\"WebSite\",\"@id\":\"https:\\\/\\\/liceofrancesmoliere.es\\\/fr\\\/#website\",\"url\":\"https:\\\/\\\/liceofrancesmoliere.es\\\/fr\\\/\",\"name\":\"Lyc\u00e9e Fran\u00e7ais International Moli\u00e8re\",\"description\":\"Colegio franc\u00e9s Internacional trinling\u00fce\",\"publisher\":{\"@id\":\"https:\\\/\\\/liceofrancesmoliere.es\\\/fr\\\/#organization\"},\"alternateName\":\"LFIM Villanueva de la Ca\u00f1ada\",\"potentialAction\":[{\"@type\":\"SearchAction\",\"target\":{\"@type\":\"EntryPoint\",\"urlTemplate\":\"https:\\\/\\\/liceofrancesmoliere.es\\\/fr\\\/?s={search_term_string}\"},\"query-input\":{\"@type\":\"PropertyValueSpecification\",\"valueRequired\":true,\"valueName\":\"search_term_string\"}}],\"inLanguage\":\"fr-FR\"},{\"@type\":\"Organization\",\"@id\":\"https:\\\/\\\/liceofrancesmoliere.es\\\/fr\\\/#organization\",\"name\":\"Lyc\u00e9e Fran\u00e7ais International Moli\u00e8re, Villanueva de la Ca\u00f1ada\",\"alternateName\":\"LFIM Villanueva de la Ca\u00f1ada\",\"url\":\"https:\\\/\\\/liceofrancesmoliere.es\\\/fr\\\/\",\"logo\":{\"@type\":\"ImageObject\",\"inLanguage\":\"fr-FR\",\"@id\":\"https:\\\/\\\/liceofrancesmoliere.es\\\/fr\\\/#\\\/schema\\\/logo\\\/image\\\/\",\"url\":\"https:\\\/\\\/liceofrancesmoliere.es\\\/wp-content\\\/uploads\\\/Logo-web-nueva-color-correcto.png\",\"contentUrl\":\"https:\\\/\\\/liceofrancesmoliere.es\\\/wp-content\\\/uploads\\\/Logo-web-nueva-color-correcto.png\",\"width\":184,\"height\":61,\"caption\":\"Lyc\u00e9e Fran\u00e7ais International Moli\u00e8re, Villanueva de la Ca\u00f1ada\"},\"image\":{\"@id\":\"https:\\\/\\\/liceofrancesmoliere.es\\\/fr\\\/#\\\/schema\\\/logo\\\/image\\\/\"},\"sameAs\":[\"https:\\\/\\\/www.facebook.com\\\/lyceefrancaismoliere\",\"https:\\\/\\\/x.com\\\/lfimoliere\",\"https:\\\/\\\/www.instagram.com\\\/lyceefrancaismoliere\\\/\",\"https:\\\/\\\/www.youtube.com\\\/user\\\/LyceeMoliereVVA\",\"https:\\\/\\\/www.linkedin.com\\\/in\\\/lfimoliere\\\/\"]}]}<\/script>\n<!-- \/ Yoast SEO Premium plugin. -->","yoast_head_json":{"title":"Lettres du proviseur | Lyc\u00e9e Fran\u00e7ais International Moli\u00e8re","robots":{"index":"index","follow":"follow","max-snippet":"max-snippet:-1","max-image-preview":"max-image-preview:large","max-video-preview":"max-video-preview:-1"},"canonical":"https:\/\/liceofrancesmoliere.es\/fr\/lettres-du-proviseur\/","og_locale":"fr_FR","og_type":"article","og_title":"Lettres du proviseur","og_description":"Lettres du proviseur Carta del director: Octubre 2023 JEAN-CHRISTOPHE ORAIN &#8211; Director LFIM Esta semana terminar\u00e1 el primer periodo lectivo, antes de las vacaciones de oto\u00f1o. Un primer periodo jalonado por numerosos acontecimientos, iniciativas y novedades, que dan Carta del director: Septiembre 2023 JEAN-CHRISTOPHE ORAIN &#8211; Director LFIM Estimado\/a se\u00f1or\/se\u00f1ora, estimados padres: Ahora que este [&hellip;]","og_url":"https:\/\/liceofrancesmoliere.es\/fr\/lettres-du-proviseur\/","og_site_name":"Lyc\u00e9e Fran\u00e7ais International Moli\u00e8re","article_publisher":"https:\/\/www.facebook.com\/lyceefrancaismoliere","article_modified_time":"2024-03-20T19:29:49+00:00","og_image":[{"url":"https:\/\/liceofrancesmoliere.es\/wp-content\/uploads\/CD-octubre-2023-768x512.jpg","type":"","width":"","height":""}],"twitter_card":"summary_large_image","twitter_site":"@lfimoliere","twitter_misc":{"Dur\u00e9e de lecture estim\u00e9e":"1 minute"},"schema":{"@context":"https:\/\/schema.org","@graph":[{"@type":"WebPage","@id":"https:\/\/liceofrancesmoliere.es\/fr\/lettres-du-proviseur\/","url":"https:\/\/liceofrancesmoliere.es\/fr\/lettres-du-proviseur\/","name":"Lettres du proviseur | Lyc\u00e9e Fran\u00e7ais International Moli\u00e8re","isPartOf":{"@id":"https:\/\/liceofrancesmoliere.es\/fr\/#website"},"primaryImageOfPage":{"@id":"https:\/\/liceofrancesmoliere.es\/fr\/lettres-du-proviseur\/#primaryimage"},"image":{"@id":"https:\/\/liceofrancesmoliere.es\/fr\/lettres-du-proviseur\/#primaryimage"},"thumbnailUrl":"https:\/\/liceofrancesmoliere.es\/wp-content\/uploads\/CD-octubre-2023-768x512.jpg","datePublished":"2024-01-30T11:23:15+00:00","dateModified":"2024-03-20T19:29:49+00:00","breadcrumb":{"@id":"https:\/\/liceofrancesmoliere.es\/fr\/lettres-du-proviseur\/#breadcrumb"},"inLanguage":"fr-FR","potentialAction":[{"@type":"ReadAction","target":["https:\/\/liceofrancesmoliere.es\/fr\/lettres-du-proviseur\/"]}]},{"@type":"ImageObject","inLanguage":"fr-FR","@id":"https:\/\/liceofrancesmoliere.es\/fr\/lettres-du-proviseur\/#primaryimage","url":"https:\/\/liceofrancesmoliere.es\/wp-content\/uploads\/CD-octubre-2023-768x512.jpg","contentUrl":"https:\/\/liceofrancesmoliere.es\/wp-content\/uploads\/CD-octubre-2023-768x512.jpg"},{"@type":"BreadcrumbList","@id":"https:\/\/liceofrancesmoliere.es\/fr\/lettres-du-proviseur\/#breadcrumb","itemListElement":[{"@type":"ListItem","position":1,"name":"Portada","item":"https:\/\/liceofrancesmoliere.es\/fr\/"},{"@type":"ListItem","position":2,"name":"Lettres du proviseur"}]},{"@type":"WebSite","@id":"https:\/\/liceofrancesmoliere.es\/fr\/#website","url":"https:\/\/liceofrancesmoliere.es\/fr\/","name":"Lyc\u00e9e Fran\u00e7ais International Moli\u00e8re","description":"Colegio franc\u00e9s Internacional trinling\u00fce","publisher":{"@id":"https:\/\/liceofrancesmoliere.es\/fr\/#organization"},"alternateName":"LFIM Villanueva de la Ca\u00f1ada","potentialAction":[{"@type":"SearchAction","target":{"@type":"EntryPoint","urlTemplate":"https:\/\/liceofrancesmoliere.es\/fr\/?s={search_term_string}"},"query-input":{"@type":"PropertyValueSpecification","valueRequired":true,"valueName":"search_term_string"}}],"inLanguage":"fr-FR"},{"@type":"Organization","@id":"https:\/\/liceofrancesmoliere.es\/fr\/#organization","name":"Lyc\u00e9e Fran\u00e7ais International Moli\u00e8re, Villanueva de la Ca\u00f1ada","alternateName":"LFIM Villanueva de la Ca\u00f1ada","url":"https:\/\/liceofrancesmoliere.es\/fr\/","logo":{"@type":"ImageObject","inLanguage":"fr-FR","@id":"https:\/\/liceofrancesmoliere.es\/fr\/#\/schema\/logo\/image\/","url":"https:\/\/liceofrancesmoliere.es\/wp-content\/uploads\/Logo-web-nueva-color-correcto.png","contentUrl":"https:\/\/liceofrancesmoliere.es\/wp-content\/uploads\/Logo-web-nueva-color-correcto.png","width":184,"height":61,"caption":"Lyc\u00e9e Fran\u00e7ais International Moli\u00e8re, Villanueva de la Ca\u00f1ada"},"image":{"@id":"https:\/\/liceofrancesmoliere.es\/fr\/#\/schema\/logo\/image\/"},"sameAs":["https:\/\/www.facebook.com\/lyceefrancaismoliere","https:\/\/x.com\/lfimoliere","https:\/\/www.instagram.com\/lyceefrancaismoliere\/","https:\/\/www.youtube.com\/user\/LyceeMoliereVVA","https:\/\/www.linkedin.com\/in\/lfimoliere\/"]}]}},"_links":{"self":[{"href":"https:\/\/liceofrancesmoliere.es\/fr\/wp-json\/wp\/v2\/pages\/9851","targetHints":{"allow":["GET"]}}],"collection":[{"href":"https:\/\/liceofrancesmoliere.es\/fr\/wp-json\/wp\/v2\/pages"}],"about":[{"href":"https:\/\/liceofrancesmoliere.es\/fr\/wp-json\/wp\/v2\/types\/page"}],"author":[{"embeddable":true,"href":"https:\/\/liceofrancesmoliere.es\/fr\/wp-json\/wp\/v2\/users\/5"}],"replies":[{"embeddable":true,"href":"https:\/\/liceofrancesmoliere.es\/fr\/wp-json\/wp\/v2\/comments?post=9851"}],"version-history":[{"count":4,"href":"https:\/\/liceofrancesmoliere.es\/fr\/wp-json\/wp\/v2\/pages\/9851\/revisions"}],"predecessor-version":[{"id":9930,"href":"https:\/\/liceofrancesmoliere.es\/fr\/wp-json\/wp\/v2\/pages\/9851\/revisions\/9930"}],"wp:attachment":[{"href":"https:\/\/liceofrancesmoliere.es\/fr\/wp-json\/wp\/v2\/media?parent=9851"}],"curies":[{"name":"wp","href":"https:\/\/api.w.org\/{rel}","templated":true}]}}