{"id":4079,"date":"2023-03-06T11:10:39","date_gmt":"2023-03-06T11:10:39","guid":{"rendered":"https:\/\/liceofrancesmoliere.es\/datos-legales\/"},"modified":"2023-06-12T12:31:12","modified_gmt":"2023-06-12T12:31:12","slug":"datos-legales","status":"publish","type":"page","link":"https:\/\/liceofrancesmoliere.es\/fr\/datos-legales\/","title":{"rendered":"Datos legales"},"content":{"rendered":"\t\t<div data-elementor-type=\"wp-page\" data-elementor-id=\"4079\" class=\"elementor elementor-4079 elementor-94\" data-elementor-post-type=\"page\">\n\t\t\t\t\t\t<section class=\"elementor-section elementor-top-section elementor-element elementor-element-acf3a23 elementor-section-full_width elementor-section-content-middle elementor-section-height-default elementor-section-height-default\" data-id=\"acf3a23\" data-element_type=\"section\" data-e-type=\"section\" data-settings=\"{&quot;background_background&quot;:&quot;classic&quot;}\">\n\t\t\t\t\t\t\t<div class=\"elementor-background-overlay\"><\/div>\n\t\t\t\t\t\t\t<div class=\"elementor-container elementor-column-gap-no\">\n\t\t\t\t\t<div class=\"elementor-column elementor-col-100 elementor-top-column elementor-element elementor-element-4c8fd47\" data-id=\"4c8fd47\" data-element_type=\"column\" data-e-type=\"column\">\n\t\t\t<div class=\"elementor-widget-wrap elementor-element-populated\">\n\t\t\t\t\t\t<section class=\"elementor-section elementor-inner-section elementor-element elementor-element-254ecf8 elementor-section-content-middle elementor-section-boxed elementor-section-height-default elementor-section-height-default\" data-id=\"254ecf8\" data-element_type=\"section\" data-e-type=\"section\">\n\t\t\t\t\t\t<div class=\"elementor-container elementor-column-gap-no\">\n\t\t\t\t\t<div class=\"elementor-column elementor-col-100 elementor-inner-column elementor-element elementor-element-ccebc14\" data-id=\"ccebc14\" data-element_type=\"column\" data-e-type=\"column\">\n\t\t\t<div class=\"elementor-widget-wrap elementor-element-populated\">\n\t\t\t\t\t\t<div class=\"elementor-element elementor-element-7e4f7f6 elementor-widget__width-initial elementor-widget elementor-widget-heading\" data-id=\"7e4f7f6\" data-element_type=\"widget\" data-e-type=\"widget\" data-widget_type=\"heading.default\">\n\t\t\t\t<div class=\"elementor-widget-container\">\n\t\t\t\t\t<h2 class=\"elementor-heading-title elementor-size-default\">DATOS LEGALES<\/h2>\t\t\t\t<\/div>\n\t\t\t\t<\/div>\n\t\t\t\t\t<\/div>\n\t\t<\/div>\n\t\t\t\t\t<\/div>\n\t\t<\/section>\n\t\t\t\t\t<\/div>\n\t\t<\/div>\n\t\t\t\t\t<\/div>\n\t\t<\/section>\n\t\t\t\t<section class=\"elementor-section elementor-top-section elementor-element elementor-element-18795e6 elementor-section-boxed elementor-section-height-default elementor-section-height-default\" data-id=\"18795e6\" data-element_type=\"section\" data-e-type=\"section\" data-settings=\"{&quot;background_background&quot;:&quot;classic&quot;}\">\n\t\t\t\t\t\t<div class=\"elementor-container elementor-column-gap-default\">\n\t\t\t\t\t<div class=\"elementor-column elementor-col-100 elementor-top-column elementor-element elementor-element-b0bee08\" data-id=\"b0bee08\" data-element_type=\"column\" data-e-type=\"column\">\n\t\t\t<div class=\"elementor-widget-wrap elementor-element-populated\">\n\t\t\t\t\t\t<section class=\"elementor-section elementor-inner-section elementor-element elementor-element-df2f08e elementor-section-boxed elementor-section-height-default elementor-section-height-default\" data-id=\"df2f08e\" data-element_type=\"section\" data-e-type=\"section\">\n\t\t\t\t\t\t<div class=\"elementor-container elementor-column-gap-wider\">\n\t\t\t\t\t<div class=\"elementor-column elementor-col-100 elementor-inner-column elementor-element elementor-element-46a9f66\" data-id=\"46a9f66\" data-element_type=\"column\" data-e-type=\"column\">\n\t\t\t<div class=\"elementor-widget-wrap elementor-element-populated\">\n\t\t\t\t\t\t<div class=\"elementor-element elementor-element-f94a83e elementor-widget elementor-widget-text-editor\" data-id=\"f94a83e\" data-element_type=\"widget\" data-e-type=\"widget\" data-widget_type=\"text-editor.default\">\n\t\t\t\t<div class=\"elementor-widget-container\">\n\t\t\t\t\t\t\t\t\t<p>Para dar cumplimiento con lo establecido en la Ley 34\/ 2002, de 11 de Julio, de servicios de la sociedad de la informaci\u00f3n y de comercio electr\u00f3nico, a continuaci\u00f3n se indican los datos de informaci\u00f3n general de este sitio web:<\/p>\n<p><strong>Titular<\/strong>: Liceo franc\u00e9s Moli\u00e8re<br><strong>Direcci\u00f3n<\/strong>: Calle Cristo, 27, Villanueva de la Ca\u00f1ada (28691) MADRID \u2013 ESPA\u00d1A<br><strong>Contacto<\/strong>: Proviseur<br><strong>Tel\u00e9fono<\/strong>: 91 815 50 00<br><strong>CIF<\/strong>: B28598779<\/p>\n<p><span style=\"text-decoration: underline;\">Datos de las oficinas:<\/span><br>Direcci\u00f3n: Calle Cristo, 27, Villanueva de la Ca\u00f1ada (28691) MADRID \u2013 ESPA\u00d1A<br>Contacto: Proviseur<br>Tel\u00e9fono: 91 815 50 00<\/p>\n<p><span style=\"text-decoration: underline;\">Objeto<\/span>:<br>Estas condiciones generales (en adelante las \u00abCondiciones Generales\u00bb) regulan el uso de todos los servicios de este sitio web (en adelante \u00abel portal\u00bb) que el titular Liceo franc\u00e9s Moli\u00e8re con domicilio en Calle Cristo, 27, Villanueva de la Ca\u00f1ada (28691) MADRID \u2013 ESPA\u00d1A pone a disposici\u00f3n de los usuarios de Internet. Por la mera utilizaci\u00f3n del Portal el usuario expresa la plena aceptaci\u00f3n y sin reservas de las mismas, las cuales podr\u00e1n ser modificadas por el centro en cualquier momento. Los usuarios se ven asimismo, sometidos a todas aquellas condiciones particulares, avisos o reglamentos de instrucciones que se pongan en su conocimiento en relaci\u00f3n con contenidos o servicios concretos, que completen lo previsto en estas Condiciones Generales en cuanto no se opongan a ellas.  <\/p>\n<p>Exclusi\u00f3n de responsabilidad por el funcionamiento del Portal y sus servicios:<br>El centro no garantiza la disponibilidad y continuidad del funcionamiento del Portal, de sus servicios y sus contenidos; si fuera razonablemente posible, el centro avisar\u00e1 previamente de las interrupciones en el funcionamiento de los mismos. El centro no es responsable por los da\u00f1os o perjuicios de cualquier naturaleza que puedan deberse a la falta de disponibilidad o de continuidad del Portal o de cualquiera de sus servicios, o por los fallos en el acceso a las distintas p\u00e1ginas web del Portal o aquellas desde las que se prestan determinados servicios. <\/p>\n<p>Exclusi\u00f3n de responsabilidad sobre la informaci\u00f3n gr\u00e1fica disponible en el portal:<br>Toda la documentaci\u00f3n gr\u00e1fica incluida en esta p\u00e1gina Web es meramente orientativa y est\u00e1 sometida a posibles cambios exigidos por la evoluci\u00f3n t\u00e9cnica de los proyectos y su ejecuci\u00f3n. EN NING\u00daN CASO ESTA INFORMACI\u00d3N CONSTITUYE DOCUMENTO CONTRACTUAL. <\/p>\n<p>Utilizaci\u00f3n del Portal y los servicios por los usuarios:<br>Salvo que haya obtenido previa y expresa autorizaci\u00f3n espec\u00edficamente otorgada al efecto por parte del centro, el usuario se abstendr\u00e1 de obtener o intentar obtener cualquier tipo de contenidos, ya sean textos, gr\u00e1ficos, dibujos, archivos de sonido, im\u00e1genes o fotograf\u00edas, videos, software y en general cualquier clase de material accesible a trav\u00e9s del Portal o los servicios, empleando para ello medios distintos de los que se hayan puesto a su disposici\u00f3n a este efecto o de los que se empleen habitualmente a este efecto en Internet.<\/p>\n<p>Exclusi\u00f3n de responsabilidad de los contenidos:<br>El centro no es en ning\u00fan caso responsable, ni de forma directa ni subsidiaria, por ning\u00fan contenido, informaci\u00f3n, comunicaci\u00f3n, opini\u00f3n o manifestaci\u00f3n de cualquier tipo que tenga su origen en el usuario o cualquier persona o entidad y que se comunique, difunda, transmita o exhiba a trav\u00e9s de los servicios del Portal.<\/p>\n<p>Exclusi\u00f3n de responsabilidad por los contenidos y servicios alojados fuera del Portal:<br>El Portal pone a disposici\u00f3n de los usuarios dispositivos t\u00e9cnicos de enlaces, ya sean links, directorios o herramientas de b\u00fasqueda, los cuales permiten el acceso a p\u00e1ginas web o sites que son gestionados por terceros. El centro no ejerce ninguna titularidad sobre los mismos, y no comercializa ni ofrece los contenidos y servicios que contienen, por lo tanto no asume ninguna responsabilidad ni directa ni subsidiaria sobre dichas p\u00e1ginas web o sites. <\/p>\n<p>Propiedad Intelectual e Industrial:<br>Todos los contenidos as\u00ed como nombres, logos, marcas y bases de datos accesibles en las p\u00e1ginas web del Portal est\u00e1n sujetos a derechos de propiedad industrial e intelectual del centro o de terceros titulares de los mismos. En ning\u00fan caso el acceso a las p\u00e1ginas web del Portal implica ning\u00fan tipo de renuncia, transmisi\u00f3n o cesi\u00f3n total o parcial de los mencionados derechos, ni confiere ning\u00fan derecho de utilizaci\u00f3n, alteraci\u00f3n, explotaci\u00f3n, reproducci\u00f3n, distribuci\u00f3n o comunicaci\u00f3n p\u00fablica sobre los contenidos o bienes de propiedad industrial sin la previa y expresa autorizaci\u00f3n espec\u00edficamente otorgada a tal efecto por parte del centro o del tercero titular de los derechos, salvo los derechos de visualizar y de realizar copias para uso personal y exclusivo del usuario, los cuales deber\u00e1n ejercerse siempre conforme a los principios de la buena fe y la legislaci\u00f3n aplicable. <\/p>\n<p>Protecci\u00f3n de Datos:<br>Mediante el presente Aviso Legal y de acuerdo con lo establecido en la Ley Org\u00e1nica 15\/1999, de Protecci\u00f3n de Datos de Car\u00e1cter Personal, el centro avisa a los usuarios de su pol\u00edtica de protecci\u00f3n de datos, para que estos determinen libre y voluntariamente si desean facilitar los datos personales que se le puedan requerir con ocasi\u00f3n de la suscripci\u00f3n o alta en algunos de los servicios ofrecidos. Salvo en los campos en que se indique lo contrario, las respuestas a las preguntas sobre datos personales son voluntarias. Los datos personales recogidos ser\u00e1n tratados de forma confidencial y su recogida tiene como finalidad la gesti\u00f3n y prestaci\u00f3n de los servicios ofrecidos por el Lyc\u00e9e fran\u00e7ais Moli\u00e8re en el Portal en cada momento. El usuario acepta que los datos personales por \u00e9l facilitados puedan ser objeto de tratamiento en ficheros automatizados titularidad y responsabilidad del centro.   <\/p>\n<p>El usuario puede ejercer sus derechos de acceso, rectificaci\u00f3n, cancelaci\u00f3n y oposici\u00f3n en Liceo franc\u00e9s Moli\u00e8re.<\/p>\n<p>Derecho de oposici\u00f3n, correcci\u00f3n y actualizaci\u00f3n de datos<br>Seg\u00fan el art. 5 de la Ley Org\u00e1nica 15\/99 de Protecci\u00f3n de Datos de Car\u00e1cter Personal, a la persona f\u00edsica titular de los datos requeridos en este documento se le informa de la existencia de una base de datos propiedad de Lyc\u00e9e fran\u00e7ais Moli\u00e8re, de la cual formar\u00e1 parte. Por medio del env\u00edo de nuestros formularios, vd. consiente expresamente la comunicaci\u00f3n de sus datos a Lyc\u00e9e fran\u00e7ais Moli\u00e8re as\u00ed como a quien colabore con Lyc\u00e9e fran\u00e7ais Moli\u00e8re en la prestaci\u00f3n de estos servicios\u00bb. El derecho de acceso, rectificaci\u00f3n, cancelaci\u00f3n y oposici\u00f3n, podr\u00e1 ser ejercitado remiti\u00e9ndose a Lyc\u00e9e fran\u00e7ais Moli\u00e8re (communication@lycee-moliere-madrid.org), responsable del tratamiento, en base a lo establecido en la legislaci\u00f3n vigente.  <\/p>\n<p>Ley Aplicable y Fuero:<br>Estas Condiciones Generales se rigen por la ley espa\u00f1ola. Para cualquier controversia que pudiera derivarse de la aplicaci\u00f3n de los servicios o interpretaci\u00f3n o aplicaci\u00f3n de las Condiciones Generales, el Lyc\u00e9e fran\u00e7ais Moli\u00e8re y el usuario, con renuncia expresa a su fuero propio se someten al de los Juzgados y Tribunales de Madrid. <\/p>\n<p><strong>Etablissement homologu\u00e9 par le minist\u00e8re fran\u00e7ais de l\u2019Education nationale<\/strong><br><strong>Lyc\u00e9e Fran\u00e7ais Moli\u00e8re | Calle Cristo, 27 | 28691 \u2013 Villanueva de la Ca\u00f1ada \u2013 Madrid | T\u00e9l : +34 91 815 50 00<\/strong><\/p>\t\t\t\t\t\t\t\t<\/div>\n\t\t\t\t<\/div>\n\t\t\t\t\t<\/div>\n\t\t<\/div>\n\t\t\t\t\t<\/div>\n\t\t<\/section>\n\t\t\t\t\t<\/div>\n\t\t<\/div>\n\t\t\t\t\t<\/div>\n\t\t<\/section>\n\t\t\t\t<\/div>\n\t\t","protected":false},"excerpt":{"rendered":"<p>DATOS LEGALES Para dar cumplimiento con lo establecido en la Ley 34\/ 2002, de 11 de Julio, de servicios de la sociedad de la informaci\u00f3n y de comercio electr\u00f3nico, a continuaci\u00f3n se indican los datos de informaci\u00f3n general de este sitio web: Titular: Liceo franc\u00e9s Moli\u00e8reDirecci\u00f3n: Calle Cristo, 27, Villanueva de la Ca\u00f1ada (28691) MADRID [&hellip;]<\/p>\n","protected":false},"author":5,"featured_media":0,"parent":0,"menu_order":0,"comment_status":"closed","ping_status":"closed","template":"elementor_header_footer","meta":{"footnotes":""},"class_list":["post-4079","page","type-page","status-publish","hentry"],"yoast_head":"<!-- This site is optimized with the Yoast SEO Premium plugin v21.8 (Yoast SEO v27.2) - https:\/\/yoast.com\/product\/yoast-seo-premium-wordpress\/ -->\n<title>Datos legales | Lyc\u00e9e Fran\u00e7ais International Moli\u00e8re<\/title>\n<meta name=\"robots\" content=\"index, follow, max-snippet:-1, max-image-preview:large, max-video-preview:-1\" \/>\n<link rel=\"canonical\" href=\"https:\/\/liceofrancesmoliere.es\/fr\/datos-legales\/\" \/>\n<meta property=\"og:locale\" content=\"fr_FR\" \/>\n<meta property=\"og:type\" content=\"article\" \/>\n<meta property=\"og:title\" content=\"Datos legales\" \/>\n<meta property=\"og:description\" content=\"DATOS LEGALES Para dar cumplimiento con lo establecido en la Ley 34\/ 2002, de 11 de Julio, de servicios de la sociedad de la informaci\u00f3n y de comercio electr\u00f3nico, a continuaci\u00f3n se indican los datos de informaci\u00f3n general de este sitio web: Titular: Liceo franc\u00e9s Moli\u00e8reDirecci\u00f3n: Calle Cristo, 27, Villanueva de la Ca\u00f1ada (28691) MADRID [&hellip;]\" \/>\n<meta property=\"og:url\" content=\"https:\/\/liceofrancesmoliere.es\/fr\/datos-legales\/\" \/>\n<meta property=\"og:site_name\" content=\"Lyc\u00e9e Fran\u00e7ais International Moli\u00e8re\" \/>\n<meta property=\"article:publisher\" content=\"https:\/\/www.facebook.com\/lyceefrancaismoliere\" \/>\n<meta property=\"article:modified_time\" content=\"2023-06-12T12:31:12+00:00\" \/>\n<meta property=\"og:image\" content=\"https:\/\/liceofrancesmoliere.es\/wp-content\/uploads\/Logo-web-nueva-50-aniversario-250-\u00d7-100-px-espanol.png\" \/>\n\t<meta property=\"og:image:width\" content=\"250\" \/>\n\t<meta property=\"og:image:height\" content=\"100\" \/>\n\t<meta property=\"og:image:type\" content=\"image\/png\" \/>\n<meta name=\"twitter:card\" content=\"summary_large_image\" \/>\n<meta name=\"twitter:site\" content=\"@lfimoliere\" \/>\n<meta name=\"twitter:label1\" content=\"Dur\u00e9e de lecture estim\u00e9e\" \/>\n\t<meta name=\"twitter:data1\" content=\"6 minutes\" \/>\n<script type=\"application\/ld+json\" class=\"yoast-schema-graph\">{\"@context\":\"https:\/\/schema.org\",\"@graph\":[{\"@type\":\"WebPage\",\"@id\":\"https:\/\/liceofrancesmoliere.es\/fr\/datos-legales\/\",\"url\":\"https:\/\/liceofrancesmoliere.es\/fr\/datos-legales\/\",\"name\":\"Datos legales | Lyc\u00e9e Fran\u00e7ais International Moli\u00e8re\",\"isPartOf\":{\"@id\":\"https:\/\/liceofrancesmoliere.es\/fr\/#website\"},\"datePublished\":\"2023-03-06T11:10:39+00:00\",\"dateModified\":\"2023-06-12T12:31:12+00:00\",\"breadcrumb\":{\"@id\":\"https:\/\/liceofrancesmoliere.es\/fr\/datos-legales\/#breadcrumb\"},\"inLanguage\":\"fr-FR\",\"potentialAction\":[{\"@type\":\"ReadAction\",\"target\":[\"https:\/\/liceofrancesmoliere.es\/fr\/datos-legales\/\"]}]},{\"@type\":\"BreadcrumbList\",\"@id\":\"https:\/\/liceofrancesmoliere.es\/fr\/datos-legales\/#breadcrumb\",\"itemListElement\":[{\"@type\":\"ListItem\",\"position\":1,\"name\":\"Portada\",\"item\":\"https:\/\/liceofrancesmoliere.es\/fr\/\"},{\"@type\":\"ListItem\",\"position\":2,\"name\":\"Datos legales\"}]},{\"@type\":\"WebSite\",\"@id\":\"https:\/\/liceofrancesmoliere.es\/fr\/#website\",\"url\":\"https:\/\/liceofrancesmoliere.es\/fr\/\",\"name\":\"Lyc\u00e9e Fran\u00e7ais International Moli\u00e8re\",\"description\":\"Colegio franc\u00e9s Internacional trinling\u00fce\",\"publisher\":{\"@id\":\"https:\/\/liceofrancesmoliere.es\/fr\/#organization\"},\"alternateName\":\"LFIM Villanueva de la Ca\u00f1ada\",\"potentialAction\":[{\"@type\":\"SearchAction\",\"target\":{\"@type\":\"EntryPoint\",\"urlTemplate\":\"https:\/\/liceofrancesmoliere.es\/fr\/?s={search_term_string}\"},\"query-input\":{\"@type\":\"PropertyValueSpecification\",\"valueRequired\":true,\"valueName\":\"search_term_string\"}}],\"inLanguage\":\"fr-FR\"},{\"@type\":\"Organization\",\"@id\":\"https:\/\/liceofrancesmoliere.es\/fr\/#organization\",\"name\":\"Lyc\u00e9e Fran\u00e7ais International Moli\u00e8re, Villanueva de la Ca\u00f1ada\",\"alternateName\":\"LFIM Villanueva de la Ca\u00f1ada\",\"url\":\"https:\/\/liceofrancesmoliere.es\/fr\/\",\"logo\":{\"@type\":\"ImageObject\",\"inLanguage\":\"fr-FR\",\"@id\":\"https:\/\/liceofrancesmoliere.es\/fr\/#\/schema\/logo\/image\/\",\"url\":\"https:\/\/liceofrancesmoliere.es\/wp-content\/uploads\/Logo-web-nueva-color-correcto.png\",\"contentUrl\":\"https:\/\/liceofrancesmoliere.es\/wp-content\/uploads\/Logo-web-nueva-color-correcto.png\",\"width\":184,\"height\":61,\"caption\":\"Lyc\u00e9e Fran\u00e7ais International Moli\u00e8re, Villanueva de la Ca\u00f1ada\"},\"image\":{\"@id\":\"https:\/\/liceofrancesmoliere.es\/fr\/#\/schema\/logo\/image\/\"},\"sameAs\":[\"https:\/\/www.facebook.com\/lyceefrancaismoliere\",\"https:\/\/x.com\/lfimoliere\",\"https:\/\/www.instagram.com\/lyceefrancaismoliere\/\",\"https:\/\/www.youtube.com\/user\/LyceeMoliereVVA\",\"https:\/\/www.linkedin.com\/in\/lfimoliere\/\"]}]}<\/script>\n<!-- \/ Yoast SEO Premium plugin. -->","yoast_head_json":{"title":"Datos legales | Lyc\u00e9e Fran\u00e7ais International Moli\u00e8re","robots":{"index":"index","follow":"follow","max-snippet":"max-snippet:-1","max-image-preview":"max-image-preview:large","max-video-preview":"max-video-preview:-1"},"canonical":"https:\/\/liceofrancesmoliere.es\/fr\/datos-legales\/","og_locale":"fr_FR","og_type":"article","og_title":"Datos legales","og_description":"DATOS LEGALES Para dar cumplimiento con lo establecido en la Ley 34\/ 2002, de 11 de Julio, de servicios de la sociedad de la informaci\u00f3n y de comercio electr\u00f3nico, a continuaci\u00f3n se indican los datos de informaci\u00f3n general de este sitio web: Titular: Liceo franc\u00e9s Moli\u00e8reDirecci\u00f3n: Calle Cristo, 27, Villanueva de la Ca\u00f1ada (28691) MADRID [&hellip;]","og_url":"https:\/\/liceofrancesmoliere.es\/fr\/datos-legales\/","og_site_name":"Lyc\u00e9e Fran\u00e7ais International Moli\u00e8re","article_publisher":"https:\/\/www.facebook.com\/lyceefrancaismoliere","article_modified_time":"2023-06-12T12:31:12+00:00","og_image":[{"width":250,"height":100,"url":"https:\/\/liceofrancesmoliere.es\/wp-content\/uploads\/Logo-web-nueva-50-aniversario-250-\u00d7-100-px-espanol.png","type":"image\/png"}],"twitter_card":"summary_large_image","twitter_site":"@lfimoliere","twitter_misc":{"Dur\u00e9e de lecture estim\u00e9e":"6 minutes"},"schema":{"@context":"https:\/\/schema.org","@graph":[{"@type":"WebPage","@id":"https:\/\/liceofrancesmoliere.es\/fr\/datos-legales\/","url":"https:\/\/liceofrancesmoliere.es\/fr\/datos-legales\/","name":"Datos legales | Lyc\u00e9e Fran\u00e7ais International Moli\u00e8re","isPartOf":{"@id":"https:\/\/liceofrancesmoliere.es\/fr\/#website"},"datePublished":"2023-03-06T11:10:39+00:00","dateModified":"2023-06-12T12:31:12+00:00","breadcrumb":{"@id":"https:\/\/liceofrancesmoliere.es\/fr\/datos-legales\/#breadcrumb"},"inLanguage":"fr-FR","potentialAction":[{"@type":"ReadAction","target":["https:\/\/liceofrancesmoliere.es\/fr\/datos-legales\/"]}]},{"@type":"BreadcrumbList","@id":"https:\/\/liceofrancesmoliere.es\/fr\/datos-legales\/#breadcrumb","itemListElement":[{"@type":"ListItem","position":1,"name":"Portada","item":"https:\/\/liceofrancesmoliere.es\/fr\/"},{"@type":"ListItem","position":2,"name":"Datos legales"}]},{"@type":"WebSite","@id":"https:\/\/liceofrancesmoliere.es\/fr\/#website","url":"https:\/\/liceofrancesmoliere.es\/fr\/","name":"Lyc\u00e9e Fran\u00e7ais International Moli\u00e8re","description":"Colegio franc\u00e9s Internacional trinling\u00fce","publisher":{"@id":"https:\/\/liceofrancesmoliere.es\/fr\/#organization"},"alternateName":"LFIM Villanueva de la Ca\u00f1ada","potentialAction":[{"@type":"SearchAction","target":{"@type":"EntryPoint","urlTemplate":"https:\/\/liceofrancesmoliere.es\/fr\/?s={search_term_string}"},"query-input":{"@type":"PropertyValueSpecification","valueRequired":true,"valueName":"search_term_string"}}],"inLanguage":"fr-FR"},{"@type":"Organization","@id":"https:\/\/liceofrancesmoliere.es\/fr\/#organization","name":"Lyc\u00e9e Fran\u00e7ais International Moli\u00e8re, Villanueva de la Ca\u00f1ada","alternateName":"LFIM Villanueva de la Ca\u00f1ada","url":"https:\/\/liceofrancesmoliere.es\/fr\/","logo":{"@type":"ImageObject","inLanguage":"fr-FR","@id":"https:\/\/liceofrancesmoliere.es\/fr\/#\/schema\/logo\/image\/","url":"https:\/\/liceofrancesmoliere.es\/wp-content\/uploads\/Logo-web-nueva-color-correcto.png","contentUrl":"https:\/\/liceofrancesmoliere.es\/wp-content\/uploads\/Logo-web-nueva-color-correcto.png","width":184,"height":61,"caption":"Lyc\u00e9e Fran\u00e7ais International Moli\u00e8re, Villanueva de la Ca\u00f1ada"},"image":{"@id":"https:\/\/liceofrancesmoliere.es\/fr\/#\/schema\/logo\/image\/"},"sameAs":["https:\/\/www.facebook.com\/lyceefrancaismoliere","https:\/\/x.com\/lfimoliere","https:\/\/www.instagram.com\/lyceefrancaismoliere\/","https:\/\/www.youtube.com\/user\/LyceeMoliereVVA","https:\/\/www.linkedin.com\/in\/lfimoliere\/"]}]}},"_links":{"self":[{"href":"https:\/\/liceofrancesmoliere.es\/fr\/wp-json\/wp\/v2\/pages\/4079","targetHints":{"allow":["GET"]}}],"collection":[{"href":"https:\/\/liceofrancesmoliere.es\/fr\/wp-json\/wp\/v2\/pages"}],"about":[{"href":"https:\/\/liceofrancesmoliere.es\/fr\/wp-json\/wp\/v2\/types\/page"}],"author":[{"embeddable":true,"href":"https:\/\/liceofrancesmoliere.es\/fr\/wp-json\/wp\/v2\/users\/5"}],"replies":[{"embeddable":true,"href":"https:\/\/liceofrancesmoliere.es\/fr\/wp-json\/wp\/v2\/comments?post=4079"}],"version-history":[{"count":4,"href":"https:\/\/liceofrancesmoliere.es\/fr\/wp-json\/wp\/v2\/pages\/4079\/revisions"}],"predecessor-version":[{"id":4526,"href":"https:\/\/liceofrancesmoliere.es\/fr\/wp-json\/wp\/v2\/pages\/4079\/revisions\/4526"}],"wp:attachment":[{"href":"https:\/\/liceofrancesmoliere.es\/fr\/wp-json\/wp\/v2\/media?parent=4079"}],"curies":[{"name":"wp","href":"https:\/\/api.w.org\/{rel}","templated":true}]}}